{"id":254,"date":"2022-08-25T11:07:56","date_gmt":"2022-08-25T09:07:56","guid":{"rendered":"https:\/\/www.museodelmotor.com\/?page_id=254"},"modified":"2025-11-04T15:24:20","modified_gmt":"2025-11-04T14:24:20","slug":"quienes-somos","status":"publish","type":"page","link":"https:\/\/www.museodelmotor.com\/en\/quienes-somos\/","title":{"rendered":"About us"},"content":{"rendered":"<div data-elementor-type=\"wp-page\" data-elementor-id=\"254\" class=\"elementor elementor-254\" data-elementor-post-type=\"page\">\n\t\t\t\t<div class=\"elementor-element elementor-element-c317e97 e-flex e-con-boxed e-con e-parent\" data-id=\"c317e97\" data-element_type=\"container\" data-e-type=\"container\">\n\t\t\t\t\t<div class=\"e-con-inner\">\n\t\t\t\t<div class=\"elementor-element elementor-element-087c448 elementor-widget elementor-widget-heading\" data-id=\"087c448\" data-element_type=\"widget\" data-e-type=\"widget\" data-widget_type=\"heading.default\">\n\t\t\t\t<div class=\"elementor-widget-container\">\n\t\t\t\t\t<h2 class=\"elementor-heading-title elementor-size-default\">About us<\/h2>\t\t\t\t<\/div>\n\t\t\t\t<\/div>\n\t\t\t\t<div class=\"elementor-element elementor-element-7c606d2 elementor-widget elementor-widget-text-editor\" data-id=\"7c606d2\" data-element_type=\"widget\" data-e-type=\"widget\" data-widget_type=\"text-editor.default\">\n\t\t\t\t<div class=\"elementor-widget-container\">\n\t\t\t\t\t\t\t\t\t<h3>Museum opening<\/h3><h3>\u00a0<\/h3><p>The inauguration of the Motor Museum in Finestrat, next to Benidorm, represents the culmination of an ambitious project to provide the Marina Baja region of Alicante with facilities of more than 4,000 square meters dedicated to the history of the automobile.<\/p><p>A unique three-story building houses the permanent exhibition of classic vehicles and film vehicles, as well as an area dedicated to road safety education and training, a restoration workshop, a projection room, a children&#039;s play space, a recreation area. restaurant (food truck) and a souvenir and automobile store.<\/p><p>In the words of the museum&#039;s creator, &quot;it is about doing more than just parking old cars; we want to involve the visitor, showing them the secrets of our cars and inviting them to learn how these jewels that changed the world work.&quot;<\/p><p>The collection is made up of about 60 owned vehicles and some others on loan. Among the exhibits, highlights include a 1923 Dodge Brothers, a 1962 Cadillac Fleetwood limousine that belonged to the Spanish government during Franco&#039;s time, two Delorean DMC-12s in impeccable condition and an exclusive Aston Martin Lagonda, of which Only 645 units were manufactured, and of which only 5 were equipped with the exposed sports kit.<\/p><p>The Motor Museum opened in early 2023 and its facilities are equipped with <a href=\"https:\/\/www.museodelmotor.com\/wp-content\/uploads\/2024\/08\/Instalacion-Fotovoltaica-Museo-del-Motor.pdf\" target=\"_blank\" rel=\"noopener\">photovoltaic renewable energy<\/a>.\u00a0<\/p>\t\t\t\t\t\t\t\t<\/div>\n\t\t\t\t<\/div>\n\t\t\t\t\t<\/div>\n\t\t\t\t<\/div>\n\t\t<div class=\"elementor-element elementor-element-48d1b44 e-grid e-con-boxed e-con e-parent\" data-id=\"48d1b44\" data-element_type=\"container\" data-e-type=\"container\">\n\t\t\t\t\t<div class=\"e-con-inner\">\n\t\t\t\t<div class=\"elementor-element elementor-element-8b14ea1 elementor-widget elementor-widget-image\" data-id=\"8b14ea1\" data-element_type=\"widget\" data-e-type=\"widget\" data-widget_type=\"image.default\">\n\t\t\t\t<div class=\"elementor-widget-container\">\n\t\t\t\t\t\t\t\t\t\t\t\t\t\t\t\t<a href=\"https:\/\/www.museodelmotor.com\/wp-content\/uploads\/2024\/08\/Instalacion-Fotovoltaica-Museo-del-Motor.pdf\" target=\"_blank\">\n\t\t\t\t\t\t\t<img fetchpriority=\"high\" decoding=\"async\" width=\"300\" height=\"211\" src=\"https:\/\/www.museodelmotor.com\/wp-content\/uploads\/2024\/10\/instalacion-fotovoltaica-museo-del-motor-300x211.jpg\" class=\"attachment-medium size-medium wp-image-3994\" alt=\"Instalaci\u00f3n fotovoltaica autoconsumo\" srcset=\"https:\/\/www.museodelmotor.com\/wp-content\/uploads\/2024\/10\/instalacion-fotovoltaica-museo-del-motor-300x211.jpg 300w, https:\/\/www.museodelmotor.com\/wp-content\/uploads\/2024\/10\/instalacion-fotovoltaica-museo-del-motor-768x541.jpg 768w, https:\/\/www.museodelmotor.com\/wp-content\/uploads\/2024\/10\/instalacion-fotovoltaica-museo-del-motor-18x12.jpg 18w, https:\/\/www.museodelmotor.com\/wp-content\/uploads\/2024\/10\/instalacion-fotovoltaica-museo-del-motor-600x423.jpg 600w, https:\/\/www.museodelmotor.com\/wp-content\/uploads\/2024\/10\/instalacion-fotovoltaica-museo-del-motor.jpg 931w\" sizes=\"(max-width: 300px) 100vw, 300px\" \/>\t\t\t\t\t\t\t\t<\/a>\n\t\t\t\t\t\t\t\t\t\t\t\t\t\t\t<\/div>\n\t\t\t\t<\/div>\n\t\t\t\t<div class=\"elementor-element elementor-element-f013c3d elementor-widget__width-initial elementor-widget elementor-widget-image\" data-id=\"f013c3d\" data-element_type=\"widget\" data-e-type=\"widget\" data-widget_type=\"image.default\">\n\t\t\t\t<div class=\"elementor-widget-container\">\n\t\t\t\t\t\t\t\t\t\t\t\t\t\t\t\t<a href=\"https:\/\/www.museodelmotor.com\/wp-content\/uploads\/2025\/03\/AVALEM-Experiencia-CARTEL-ECOVUL-2023-CASTELLANO.pdf\">\n\t\t\t\t\t\t\t<img decoding=\"async\" width=\"338\" height=\"237\" src=\"https:\/\/www.museodelmotor.com\/wp-content\/uploads\/2025\/03\/cartel-avalem.png\" class=\"attachment-large size-large wp-image-4837\" alt=\"\" srcset=\"https:\/\/www.museodelmotor.com\/wp-content\/uploads\/2025\/03\/cartel-avalem.png 338w, https:\/\/www.museodelmotor.com\/wp-content\/uploads\/2025\/03\/cartel-avalem-300x210.png 300w, https:\/\/www.museodelmotor.com\/wp-content\/uploads\/2025\/03\/cartel-avalem-18x12.png 18w\" sizes=\"(max-width: 338px) 100vw, 338px\" \/>\t\t\t\t\t\t\t\t<\/a>\n\t\t\t\t\t\t\t\t\t\t\t\t\t\t\t<\/div>\n\t\t\t\t<\/div>\n\t\t\t\t<div class=\"elementor-element elementor-element-42b1d2a elementor-widget__width-initial elementor-widget elementor-widget-image\" data-id=\"42b1d2a\" data-element_type=\"widget\" data-e-type=\"widget\" data-widget_type=\"image.default\">\n\t\t\t\t<div class=\"elementor-widget-container\">\n\t\t\t\t\t\t\t\t\t\t\t\t\t\t\t\t<a href=\"https:\/\/www.museodelmotor.com\/wp-content\/uploads\/2025\/03\/Cartel-publicidad-ECOGJU-AVALEM-Joves-2023_CAST.pdf\">\n\t\t\t\t\t\t\t<img decoding=\"async\" width=\"336\" height=\"230\" src=\"https:\/\/www.museodelmotor.com\/wp-content\/uploads\/2025\/03\/cartel-avalem-joves.png\" class=\"attachment-large size-large wp-image-4838\" alt=\"\" srcset=\"https:\/\/www.museodelmotor.com\/wp-content\/uploads\/2025\/03\/cartel-avalem-joves.png 336w, https:\/\/www.museodelmotor.com\/wp-content\/uploads\/2025\/03\/cartel-avalem-joves-300x205.png 300w, https:\/\/www.museodelmotor.com\/wp-content\/uploads\/2025\/03\/cartel-avalem-joves-18x12.png 18w\" sizes=\"(max-width: 336px) 100vw, 336px\" \/>\t\t\t\t\t\t\t\t<\/a>\n\t\t\t\t\t\t\t\t\t\t\t\t\t\t\t<\/div>\n\t\t\t\t<\/div>\n\t\t\t\t\t<\/div>\n\t\t\t\t<\/div>\n\t\t<div class=\"elementor-element elementor-element-e8b261d e-flex e-con-boxed e-con e-parent\" data-id=\"e8b261d\" data-element_type=\"container\" data-e-type=\"container\">\n\t\t\t\t\t<div class=\"e-con-inner\">\n\t\t<div class=\"elementor-element elementor-element-82a04d9 e-con-full e-flex e-con e-child\" data-id=\"82a04d9\" data-element_type=\"container\" data-e-type=\"container\">\n\t\t\t\t<div class=\"elementor-element elementor-element-bee4f62 elementor-widget elementor-widget-text-editor\" data-id=\"bee4f62\" data-element_type=\"widget\" data-e-type=\"widget\" data-widget_type=\"text-editor.default\">\n\t\t\t\t<div class=\"elementor-widget-container\">\n\t\t\t\t\t\t\t\t\t<h3>Location<\/h3><h4>Motor Museum<\/h4><p>Telephone: (+34) 965 143 387<br \/><span style=\"font-style: inherit;font-weight: inherit;color: var( --e-global-color-text );font-family: var( --e-global-typography-text-font-family ), Sans-serif;text-align: var(--text-align);background-color: var(--ast-global-color-5)\">Calle Joan Fuster, 4\u00a0<br \/><\/span><span style=\"background-color: var(--ast-global-color-5);color: var( --e-global-color-text );font-family: var( --e-global-typography-text-font-family ), Sans-serif;font-style: inherit;font-weight: inherit;text-align: var(--text-align)\">03509 Finestrat (Alicante)<\/span><\/p>\t\t\t\t\t\t\t\t<\/div>\n\t\t\t\t<\/div>\n\t\t\t\t<\/div>\n\t\t<div class=\"elementor-element elementor-element-b04b283 e-con-full e-flex e-con e-child\" data-id=\"b04b283\" data-element_type=\"container\" data-e-type=\"container\">\n\t\t\t\t<\/div>\n\t\t\t\t\t<\/div>\n\t\t\t\t<\/div>\n\t\t<div class=\"elementor-element elementor-element-2617408 e-flex e-con-boxed e-con e-parent\" data-id=\"2617408\" data-element_type=\"container\" data-e-type=\"container\">\n\t\t\t\t\t<div class=\"e-con-inner\">\n\t\t\t\t<div class=\"elementor-element elementor-element-11f869b elementor-widget elementor-widget-google_maps\" data-id=\"11f869b\" data-element_type=\"widget\" data-e-type=\"widget\" data-widget_type=\"google_maps.default\">\n\t\t\t\t<div class=\"elementor-widget-container\">\n\t\t\t\t\t\t\t<div class=\"elementor-custom-embed\">\n\t\t\t<iframe loading=\"lazy\"\n\t\t\t\t\tsrc=\"https:\/\/maps.google.com\/maps?q=Calle%20Joan%20Fuster%2C%204%2003509%20Finestrat&#038;t=m&#038;z=15&#038;output=embed&#038;iwloc=near\"\n\t\t\t\t\ttitle=\"Calle Joan Fuster, 4 03509 Finestrat\"\n\t\t\t\t\taria-label=\"Calle Joan Fuster, 4 03509 Finestrat\"\n\t\t\t><\/iframe>\n\t\t<\/div>\n\t\t\t\t\t\t<\/div>\n\t\t\t\t<\/div>\n\t\t\t\t\t<\/div>\n\t\t\t\t<\/div>\n\t\t<div class=\"elementor-element elementor-element-bd4464b e-flex e-con-boxed e-con e-parent\" data-id=\"bd4464b\" data-element_type=\"container\" data-e-type=\"container\">\n\t\t\t\t\t<div class=\"e-con-inner\">\n\t\t\t\t<div class=\"elementor-element elementor-element-922d31f elementor-widget elementor-widget-global elementor-global-4207 elementor-widget-text-editor\" data-id=\"922d31f\" data-element_type=\"widget\" data-e-type=\"widget\" data-widget_type=\"text-editor.default\">\n\t\t\t\t<div class=\"elementor-widget-container\">\n\t\t\t\t\t\t\t\t\t<h2>Schedule<\/h2><p><b>From April 1 to September 30:<\/b> Every day from 10:00 am to 7:00 pm.<\/p><p><b>From October 1st to March 31st<\/b>: <span style=\"color: var( --e-global-color-text ); font-family: var( --e-global-typography-text-font-family ), Sans-serif; text-align: var(--text-align); background-color: var(--ast-global-color-5); font-size: 1rem; font-weight: inherit;\">Every day of<\/span><span style=\"color: var( --e-global-color-text ); font-family: var( --e-global-typography-text-font-family ), Sans-serif; text-align: var(--text-align); background-color: var(--ast-global-color-5); font-size: 1rem; font-weight: inherit;\">\u00a0<\/span><span style=\"font-style: inherit; font-weight: inherit; color: var( --e-global-color-text ); font-family: var( --e-global-typography-text-font-family ), Sans-serif; text-align: var(--text-align); background-color: var(--ast-global-color-5);\">10:00 in the morning to 18:00 in the afternoon.<\/span><\/p><p>Last entry: 30 minutes before closing time.<\/p>\t\t\t\t\t\t\t\t<\/div>\n\t\t\t\t<\/div>\n\t\t\t\t\t<\/div>\n\t\t\t\t<\/div>\n\t\t<div class=\"elementor-element elementor-element-5f7b580 e-flex e-con-boxed e-con e-parent\" data-id=\"5f7b580\" data-element_type=\"container\" data-e-type=\"container\">\n\t\t\t\t\t<div class=\"e-con-inner\">\n\t\t\t\t\t<\/div>\n\t\t\t\t<\/div>\n\t\t\t\t<\/div>","protected":false},"excerpt":{"rendered":"<p>Quienes somos Inauguraci\u00f3n del museo \u00a0 La inauguraci\u00f3n del Museo del Motor en Finestrat, junto a Benidorm, supone la culminaci\u00f3n de un ambicioso proyecto para dotar a la comarca de la Marina Baja de Alicante de unas instalaciones de m\u00e1s de 4.000 metros cuadrados dedicados a la historia del autom\u00f3vil. En un edificio singular de [&hellip;]<\/p>\n","protected":false},"author":1,"featured_media":0,"parent":0,"menu_order":0,"comment_status":"closed","ping_status":"closed","template":"","meta":{"site-sidebar-layout":"default","site-content-layout":"default","ast-site-content-layout":"","site-content-style":"default","site-sidebar-style":"default","ast-global-header-display":"","ast-banner-title-visibility":"","ast-main-header-display":"","ast-hfb-above-header-display":"","ast-hfb-below-header-display":"","ast-hfb-mobile-header-display":"","site-post-title":"disabled","ast-breadcrumbs-content":"","ast-featured-img":"disabled","footer-sml-layout":"","theme-transparent-header-meta":"default","adv-header-id-meta":"","stick-header-meta":"","header-above-stick-meta":"","header-main-stick-meta":"","header-below-stick-meta":"","astra-migrate-meta-layouts":"default","ast-page-background-enabled":"default","ast-page-background-meta":{"desktop":{"background-color":"var(--ast-global-color-4)","background-image":"","background-repeat":"repeat","background-position":"center center","background-size":"auto","background-attachment":"scroll","background-type":"","background-media":"","overlay-type":"","overlay-color":"","overlay-gradient":""},"tablet":{"background-color":"","background-image":"","background-repeat":"repeat","background-position":"center center","background-size":"auto","background-attachment":"scroll","background-type":"","background-media":"","overlay-type":"","overlay-color":"","overlay-gradient":""},"mobile":{"background-color":"","background-image":"","background-repeat":"repeat","background-position":"center center","background-size":"auto","background-attachment":"scroll","background-type":"","background-media":"","overlay-type":"","overlay-color":"","overlay-gradient":""}},"ast-content-background-meta":{"desktop":{"background-color":"var(--ast-global-color-5)","background-image":"","background-repeat":"repeat","background-position":"center center","background-size":"auto","background-attachment":"scroll","background-type":"","background-media":"","overlay-type":"","overlay-color":"","overlay-gradient":""},"tablet":{"background-color":"var(--ast-global-color-5)","background-image":"","background-repeat":"repeat","background-position":"center center","background-size":"auto","background-attachment":"scroll","background-type":"","background-media":"","overlay-type":"","overlay-color":"","overlay-gradient":""},"mobile":{"background-color":"var(--ast-global-color-5)","background-image":"","background-repeat":"repeat","background-position":"center center","background-size":"auto","background-attachment":"scroll","background-type":"","background-media":"","overlay-type":"","overlay-color":"","overlay-gradient":""}},"footnotes":""},"class_list":["post-254","page","type-page","status-publish","hentry"],"_links":{"self":[{"href":"https:\/\/www.museodelmotor.com\/en\/wp-json\/wp\/v2\/pages\/254","targetHints":{"allow":["GET"]}}],"collection":[{"href":"https:\/\/www.museodelmotor.com\/en\/wp-json\/wp\/v2\/pages"}],"about":[{"href":"https:\/\/www.museodelmotor.com\/en\/wp-json\/wp\/v2\/types\/page"}],"author":[{"embeddable":true,"href":"https:\/\/www.museodelmotor.com\/en\/wp-json\/wp\/v2\/users\/1"}],"replies":[{"embeddable":true,"href":"https:\/\/www.museodelmotor.com\/en\/wp-json\/wp\/v2\/comments?post=254"}],"version-history":[{"count":62,"href":"https:\/\/www.museodelmotor.com\/en\/wp-json\/wp\/v2\/pages\/254\/revisions"}],"predecessor-version":[{"id":5947,"href":"https:\/\/www.museodelmotor.com\/en\/wp-json\/wp\/v2\/pages\/254\/revisions\/5947"}],"wp:attachment":[{"href":"https:\/\/www.museodelmotor.com\/en\/wp-json\/wp\/v2\/media?parent=254"}],"curies":[{"name":"wp","href":"https:\/\/api.w.org\/{rel}","templated":true}]}}